{"id":154,"date":"2018-11-12T22:27:15","date_gmt":"2018-11-12T22:27:15","guid":{"rendered":"http:\/\/dragundo.de\/?page_id=154"},"modified":"2019-05-06T12:12:26","modified_gmt":"2019-05-06T11:12:26","slug":"das-bienenjahr","status":"publish","type":"page","link":"https:\/\/imkerverein-lev.de\/?page_id=154","title":{"rendered":"Das Bienenjahr"},"content":{"rendered":"<p><img decoding=\"async\" loading=\"lazy\" class=\"size-medium wp-image-535 alignright\" src=\"https:\/\/imkerverein-lev.de\/wp-content\/uploads\/2018\/11\/IMG_2469-300x294.jpg\" alt=\"\" width=\"300\" height=\"294\" srcset=\"https:\/\/imkerverein-lev.de\/wp-content\/uploads\/2018\/11\/IMG_2469-300x294.jpg 300w, https:\/\/imkerverein-lev.de\/wp-content\/uploads\/2018\/11\/IMG_2469.jpg 651w\" sizes=\"(max-width: 300px) 100vw, 300px\" \/>Der Jahreszyklus der Bienen wird durch die klimatischen Bedingungen ihrer Umgebung bestimmt. Prinzipiell ist der Zyklus jedes Jahr gleich. Er kann sich aber durch die klimatischen Bedingungen und die entsprechende Volksentwicklung um Wochen vor oder nach hinten verschieben.<\/p>\n<p>Die Aufgabe des Imkers besteht hier aus der Beobachtung der Natur und der Bienenv\u00f6lker, um die richtigen Zeitpunkte f\u00fcr die ben\u00f6tigten Arbeiten am Bienenstock zu erkennen.<\/p>\n<p style=\"text-align: left;\">F\u00fcr den Imker beginnt die Jahresrechnung im Sommer mit\u00a0 Entstehung der Jungv\u00f6lker, nach der Schwarmzeit.<\/p>\n<p>&nbsp;<\/p>\n<h5>August bis September:\u00a0 Absteigende Entwicklung<\/h5>\n<p>Wintervorbereitung: Die Brutpflege \u00e4ndert sich. Die schl\u00fcpfenden Arbeiterinnen haben daher ein vergr\u00f6\u00dfertes Fett- und Eiwei\u00dfpolster in Hinterleib und Dr\u00fcsen angelegt.<br \/>\nIhre Lebenserwartung betr\u00e4gt nun bis zu 6 Monate, anstatt zwei bis vier Wochen.<br \/>\nDie Drohnen werden aus dem Volk getrieben. Die Imker nennen dies auch sehr wortgewandt &#8220;Drohnenschlacht&#8221;.<\/p>\n<p>&nbsp;<\/p>\n<h5>Oktober bis Februar:\u00a0 Winterruhe<\/h5>\n<p>Die Bienen ziehen sich in den kalten Tageszeiten zu einer kugelf\u00f6rmigen Bienentraube zusammen, die das immer kleiner werdende Brutnest w\u00e4rmt. Diese Traube verl\u00e4uft \u00fcber mehrere Wabengassen.<br \/>\nDie Bienen verzehren nun den eingelagerten Honig, bzw. das eingelagerte Futter.<br \/>\nDie Kerntemperatur der Bienentraube mit der K\u00f6nigin in der Mitte betr\u00e4gt etwa 25\u00b0 C.<br \/>\nDamit die Bienen am Randbereich nicht erfrieren, rotieren sie innerhalb der Traube in 24 Stunden vom Rand der Traube, in die Mitte zur K\u00f6nigin und wieder zur\u00fcck.<br \/>\nIn einem Zeitfenster von ca. 1-2 Monaten beendet die K\u00f6nigin ihre Brutt\u00e4tigkeit, und das Volk ist brutfrei.<br \/>\nDie Bienen sind nun in Ihrer Winterruhe, in der sie bem\u00fcht sind, jede Anstrengung zu vermeiden, um m\u00f6glichst wenig von ihrem eingelagerten Honigvorrat zu verbrauchen.<\/p>\n<p>Mit den k\u00f6rpereigenen Reserven wird nach der Wintersonnenwende neue Brut angelegt. Mit jeder schl\u00fcpfenden Biene vergr\u00f6\u00dfert sich die Bienenmasse.<br \/>\nDas Beuteninnere wird langsam wieder auf 35\u00b0 C aufgeheizt. Sobald die Au\u00dfentemperatur \u00fcber 10\u00b0C steigt, beginnen die ersten Reinigungs- und Wasserfl\u00fcge der Bienen.<br \/>\nSobald Pollen im Fr\u00fchjahr verf\u00fcgbar ist, wird der Brutbetrieb wieder voll aufgenommen.<\/p>\n<p>&nbsp;<\/p>\n<h5><img decoding=\"async\" loading=\"lazy\" class=\"alignleft size-medium wp-image-769\" src=\"https:\/\/imkerverein-lev.de\/wp-content\/uploads\/2018\/12\/biene_weidenbluete_004-300x208.jpg\" alt=\"\" width=\"300\" height=\"208\" srcset=\"https:\/\/imkerverein-lev.de\/wp-content\/uploads\/2018\/12\/biene_weidenbluete_004-300x208.jpg 300w, https:\/\/imkerverein-lev.de\/wp-content\/uploads\/2018\/12\/biene_weidenbluete_004-768x531.jpg 768w, https:\/\/imkerverein-lev.de\/wp-content\/uploads\/2018\/12\/biene_weidenbluete_004-1024x708.jpg 1024w\" sizes=\"(max-width: 300px) 100vw, 300px\" \/>M\u00e4rz bis April: Aufsteigende Entwicklung<\/h5>\n<p>W\u00e4hrend der sogenannten Durchlenzung sterben die langlebigen Winterbienen vermehrt ab und werden durch junge Sommerbienen ersetzt. Es tritt eine hohe Brutpflegeleistung auf, so dass durch diesen Wechsel kurzfristig die Volksst\u00e4rke leicht absinken kann.<\/p>\n<p>Im Fr\u00fchling erfolgt ein enormer Wachstumsschub, was zu einem Erstarken des Volkes f\u00fchrt. Sobald die ersten Massentrachten (Kirschbl\u00fcte, gefolgt vom Apfel,&#8230;) da sind, werden Vorr\u00e4te angelegt.<br \/>\nDie ersten Drohnenzellen werden gebaut und das Volk beginnt mit der Drohnenaufzucht.<\/p>\n<p>Ende April kann es in unserer Region die ersten sehr hei\u00dfen Tage geben, bei denen h\u00e4ufig das Ph\u00e4nomen des sogenannten &#8220;Bienenbarts&#8221; auftritt (siehe letztes Foto).<\/p>\n<p>&nbsp;<\/p>\n<h5>Mai bis Juli:\u00a0 Sp\u00e4tfr\u00fchling\/Sommer<\/h5>\n<h5><img decoding=\"async\" loading=\"lazy\" class=\"size-medium wp-image-371 alignright\" src=\"https:\/\/imkerverein-lev.de\/wp-content\/uploads\/2018\/11\/bienenbart-300x225.jpg\" alt=\"\" width=\"300\" height=\"225\" srcset=\"https:\/\/imkerverein-lev.de\/wp-content\/uploads\/2018\/11\/bienenbart-300x225.jpg 300w, https:\/\/imkerverein-lev.de\/wp-content\/uploads\/2018\/11\/bienenbart-768x576.jpg 768w, https:\/\/imkerverein-lev.de\/wp-content\/uploads\/2018\/11\/bienenbart-1024x768.jpg 1024w, https:\/\/imkerverein-lev.de\/wp-content\/uploads\/2018\/11\/bienenbart.jpg 1600w\" sizes=\"(max-width: 300px) 100vw, 300px\" \/><\/h5>\n<p>Jetzt ist der H\u00f6hepunkt der Volksentwicklung erreicht.<br \/>\nDurch die wachsende Gr\u00f6\u00dfe des Volkes werden Ammenbienen arbeitslos.<br \/>\nDas Volk legt K\u00f6niginnenzellen an. Wenn es bereit ist, teilt sich das Volk durch Schw\u00e4rmen.<\/p>\n<p>&nbsp;<\/p>\n<p>&nbsp;<\/p>\n<p>&nbsp;<\/p>\n","protected":false},"excerpt":{"rendered":"<p>Der Jahreszyklus der Bienen wird durch die klimatischen Bedingungen ihrer Umgebung bestimmt. Prinzipiell ist der Zyklus jedes Jahr gleich. Er kann sich aber durch die klimatischen Bedingungen und die entsprechende Volksentwicklung um Wochen vor oder nach hinten verschieben. Die Aufgabe des Imkers besteht hier aus der Beobachtung der Natur und der Bienenv\u00f6lker, um die richtigen Zeitpunkte f\u00fcr die ben\u00f6tigten Arbeiten am Bienenstock zu erkennen. F\u00fcr den Imker beginnt die Jahresrechnung im Sommer mit\u00a0 Entstehung der Jungv\u00f6lker, nach der Schwarmzeit. &nbsp; August bis September:\u00a0 Absteigende Entwicklung Wintervorbereitung: Die Brutpflege \u00e4ndert sich. Die schl\u00fcpfenden Arbeiterinnen haben daher ein vergr\u00f6\u00dfertes Fett- und Eiwei\u00dfpolster in Hinterleib und Dr\u00fcsen angelegt. Ihre Lebenserwartung betr\u00e4gt nun bis zu 6 Monate, anstatt zwei bis vier Wochen. Die Drohnen werden aus dem Volk getrieben. Die Imker nennen dies auch sehr wortgewandt &#8220;Drohnenschlacht&#8221;. &nbsp; Oktober bis Februar:\u00a0 Winterruhe Die Bienen ziehen sich in den kalten Tageszeiten zu einer kugelf\u00f6rmigen Bienentraube zusammen, die das immer kleiner werdende Brutnest w\u00e4rmt. Diese Traube verl\u00e4uft \u00fcber mehrere Wabengassen. Die Bienen verzehren nun den eingelagerten Honig, bzw. das eingelagerte Futter. Die Kerntemperatur der Bienentraube mit der K\u00f6nigin in der Mitte betr\u00e4gt etwa 25\u00b0 C. Damit die Bienen am Randbereich nicht erfrieren, rotieren sie innerhalb der Traube in 24 Stunden vom Rand der Traube, in die Mitte zur K\u00f6nigin und wieder zur\u00fcck. In einem Zeitfenster von ca. 1-2 Monaten beendet die K\u00f6nigin ihre Brutt\u00e4tigkeit, und das Volk ist brutfrei. Die Bienen sind nun in Ihrer Winterruhe, in der sie bem\u00fcht sind, jede Anstrengung zu vermeiden, um m\u00f6glichst wenig von ihrem eingelagerten Honigvorrat zu verbrauchen. Mit den k\u00f6rpereigenen Reserven wird nach der Wintersonnenwende neue Brut angelegt. Mit jeder schl\u00fcpfenden Biene vergr\u00f6\u00dfert sich die Bienenmasse. Das Beuteninnere wird langsam wieder auf 35\u00b0 C aufgeheizt. Sobald die Au\u00dfentemperatur \u00fcber 10\u00b0C steigt, beginnen die ersten Reinigungs- und Wasserfl\u00fcge der Bienen. Sobald Pollen im Fr\u00fchjahr verf\u00fcgbar ist, wird der Brutbetrieb wieder voll aufgenommen. &nbsp; M\u00e4rz bis April: Aufsteigende Entwicklung W\u00e4hrend der sogenannten Durchlenzung sterben die langlebigen Winterbienen vermehrt ab und werden durch junge Sommerbienen ersetzt. Es tritt eine hohe Brutpflegeleistung auf, so dass durch diesen Wechsel kurzfristig die Volksst\u00e4rke leicht absinken kann. Im Fr\u00fchling erfolgt ein enormer Wachstumsschub, was zu einem Erstarken des Volkes f\u00fchrt. Sobald die ersten Massentrachten (Kirschbl\u00fcte, gefolgt vom Apfel,&#8230;) da sind, werden Vorr\u00e4te angelegt. Die ersten Drohnenzellen werden gebaut und das Volk beginnt mit der Drohnenaufzucht. Ende April kann es in unserer Region die ersten sehr hei\u00dfen Tage geben, bei denen h\u00e4ufig das Ph\u00e4nomen des sogenannten &#8220;Bienenbarts&#8221; auftritt (siehe letztes Foto). &nbsp; Mai bis Juli:\u00a0 Sp\u00e4tfr\u00fchling\/Sommer Jetzt ist der H\u00f6hepunkt der Volksentwicklung erreicht. Durch die wachsende Gr\u00f6\u00dfe des Volkes werden Ammenbienen arbeitslos. Das Volk legt K\u00f6niginnenzellen an. Wenn es bereit ist, teilt sich das Volk durch Schw\u00e4rmen. &nbsp; &nbsp; &nbsp;<\/p>\n","protected":false},"author":1,"featured_media":0,"parent":0,"menu_order":0,"comment_status":"closed","ping_status":"closed","template":"","meta":{"_bbp_topic_count":0,"_bbp_reply_count":0,"_bbp_total_topic_count":0,"_bbp_total_reply_count":0,"_bbp_voice_count":0,"_bbp_anonymous_reply_count":0,"_bbp_topic_count_hidden":0,"_bbp_reply_count_hidden":0,"_bbp_forum_subforum_count":0},"_links":{"self":[{"href":"https:\/\/imkerverein-lev.de\/index.php?rest_route=\/wp\/v2\/pages\/154"}],"collection":[{"href":"https:\/\/imkerverein-lev.de\/index.php?rest_route=\/wp\/v2\/pages"}],"about":[{"href":"https:\/\/imkerverein-lev.de\/index.php?rest_route=\/wp\/v2\/types\/page"}],"author":[{"embeddable":true,"href":"https:\/\/imkerverein-lev.de\/index.php?rest_route=\/wp\/v2\/users\/1"}],"replies":[{"embeddable":true,"href":"https:\/\/imkerverein-lev.de\/index.php?rest_route=%2Fwp%2Fv2%2Fcomments&post=154"}],"version-history":[{"count":2,"href":"https:\/\/imkerverein-lev.de\/index.php?rest_route=\/wp\/v2\/pages\/154\/revisions"}],"predecessor-version":[{"id":1270,"href":"https:\/\/imkerverein-lev.de\/index.php?rest_route=\/wp\/v2\/pages\/154\/revisions\/1270"}],"wp:attachment":[{"href":"https:\/\/imkerverein-lev.de\/index.php?rest_route=%2Fwp%2Fv2%2Fmedia&parent=154"}],"curies":[{"name":"wp","href":"https:\/\/api.w.org\/{rel}","templated":true}]}}