{"id":37,"date":"2018-11-11T19:09:47","date_gmt":"2018-11-11T19:09:47","guid":{"rendered":"http:\/\/dragundo.de\/?page_id=37"},"modified":"2026-01-12T12:25:14","modified_gmt":"2026-01-12T11:25:14","slug":"termine","status":"publish","type":"page","link":"https:\/\/imkerverein-lev.de\/?page_id=37","title":{"rendered":"Termine"},"content":{"rendered":"<p>Unsere Vereinstreffen finden in der Regel jeden 2. Dienstag im Monat im Pfarrsaal der kath. Gemeinde Heilige Drei K\u00f6nige in Bergisch Neukirchen statt.<\/p>\n<p><strong>Adresse:<\/strong><\/p>\n<p>Pfarrsaal der kath. Gemeinde Heilige Drei K\u00f6nige<br \/>\nPlatanenweg 7<br \/>\n51381 Leverkusen<\/p>\n<p>&nbsp;<\/p>\n<p><strong>Beginn:<\/strong><\/p>\n<p>18 Uhr<\/p>\n<p>&nbsp;<\/p>\n<p><strong>Termin\u00fcbersicht 2026:<\/strong><\/p>\n<table width=\"560\">\n<tbody>\n<tr>\n<td width=\"80\">Datum<\/td>\n<td width=\"480\">Thema<\/td>\n<\/tr>\n<tr>\n<td width=\"80\">13.01.2026<\/td>\n<td width=\"480\">Erfahrungsaustausch zum Bannwabenverfahren<\/td>\n<\/tr>\n<tr>\n<td width=\"80\">10.02.2026<\/td>\n<td>Mitgliederhauptversammlung<\/td>\n<\/tr>\n<tr>\n<td width=\"80\">10.03.2026<\/td>\n<td width=\"480\">Zyklen im Bienenjahr \/ Ph\u00e4nologie \/ Betriebsweise<\/td>\n<\/tr>\n<tr>\n<td width=\"80\">14.04.2026<\/td>\n<td width=\"480\">Honig, Verarbeitung und rechtliche Aspekte<\/td>\n<\/tr>\n<tr>\n<td width=\"80\">12.05.2026<\/td>\n<td width=\"480\">Aufzuchtmethoden f\u00fcr K\u00f6niginnen + Praxistermin am Bienenstand (Datum wird noch bekannt gegeben<\/td>\n<\/tr>\n<tr>\n<td width=\"80\">01.06.2026<\/td>\n<td width=\"480\">Besuch am Bienenstand<\/td>\n<\/tr>\n<tr>\n<td width=\"80\">14.07.2026<\/td>\n<td width=\"480\">Varroabehandlung &#8211; Oxals\u00e4ure sublimieren<\/td>\n<\/tr>\n<tr>\n<td width=\"80\">11.08.2026<\/td>\n<td width=\"480\">Produkte aus dem Bienenvolk<\/td>\n<\/tr>\n<tr>\n<td width=\"80\">08.09.2026<\/td>\n<td width=\"480\">Herstellung von Cremes &amp; Salben<\/td>\n<\/tr>\n<tr>\n<td width=\"80\">13.10.2026<\/td>\n<td width=\"480\">Honig, Zusammensetzung und Verk\u00f6stigung<\/td>\n<\/tr>\n<tr>\n<td width=\"80\">10.11.2026<\/td>\n<td width=\"480\">Kerzenherstellung &amp; Wachsverarbeitung<\/td>\n<\/tr>\n<tr>\n<td width=\"80\">08.12.2026<\/td>\n<td width=\"480\">Weihnachtsfeier<\/td>\n<\/tr>\n<\/tbody>\n<\/table>\n<p>Zusatztermin: Besuch der Streuobstwiese und \u201eApfelsaftherstellung\u201c<\/p>\n<p>&nbsp;<\/p>\n<p><span style=\"color: #000000;\">Themenw\u00fcnsche f\u00fcr die Monatsversammlungen werden gerne von jedem Vorstandsmitglied entgegengenommen.<\/span><\/p>\n","protected":false},"excerpt":{"rendered":"<p>Unsere Vereinstreffen finden in der Regel jeden 2. Dienstag im Monat im Pfarrsaal der kath. Gemeinde Heilige Drei K\u00f6nige in Bergisch Neukirchen statt. Adresse: Pfarrsaal der kath. Gemeinde Heilige Drei K\u00f6nige Platanenweg 7 51381 Leverkusen &nbsp; Beginn: 18 Uhr &nbsp; Termin\u00fcbersicht 2026: Datum Thema 13.01.2026 Erfahrungsaustausch zum Bannwabenverfahren 10.02.2026 Mitgliederhauptversammlung 10.03.2026 Zyklen im Bienenjahr \/ Ph\u00e4nologie \/ Betriebsweise 14.04.2026 Honig, Verarbeitung und rechtliche Aspekte 12.05.2026 Aufzuchtmethoden f\u00fcr K\u00f6niginnen + Praxistermin am Bienenstand (Datum wird noch bekannt gegeben 01.06.2026 Besuch am Bienenstand 14.07.2026 Varroabehandlung &#8211; Oxals\u00e4ure sublimieren 11.08.2026 Produkte aus dem Bienenvolk 08.09.2026 Herstellung von Cremes &amp; Salben 13.10.2026 Honig, Zusammensetzung und Verk\u00f6stigung 10.11.2026 Kerzenherstellung &amp; Wachsverarbeitung 08.12.2026 Weihnachtsfeier Zusatztermin: Besuch der Streuobstwiese und \u201eApfelsaftherstellung\u201c &nbsp; Themenw\u00fcnsche f\u00fcr die Monatsversammlungen werden gerne von jedem Vorstandsmitglied entgegengenommen.<\/p>\n","protected":false},"author":1,"featured_media":0,"parent":0,"menu_order":0,"comment_status":"closed","ping_status":"closed","template":"","meta":{"_bbp_topic_count":0,"_bbp_reply_count":0,"_bbp_total_topic_count":0,"_bbp_total_reply_count":0,"_bbp_voice_count":0,"_bbp_anonymous_reply_count":0,"_bbp_topic_count_hidden":0,"_bbp_reply_count_hidden":0,"_bbp_forum_subforum_count":0},"_links":{"self":[{"href":"https:\/\/imkerverein-lev.de\/index.php?rest_route=\/wp\/v2\/pages\/37"}],"collection":[{"href":"https:\/\/imkerverein-lev.de\/index.php?rest_route=\/wp\/v2\/pages"}],"about":[{"href":"https:\/\/imkerverein-lev.de\/index.php?rest_route=\/wp\/v2\/types\/page"}],"author":[{"embeddable":true,"href":"https:\/\/imkerverein-lev.de\/index.php?rest_route=\/wp\/v2\/users\/1"}],"replies":[{"embeddable":true,"href":"https:\/\/imkerverein-lev.de\/index.php?rest_route=%2Fwp%2Fv2%2Fcomments&post=37"}],"version-history":[{"count":50,"href":"https:\/\/imkerverein-lev.de\/index.php?rest_route=\/wp\/v2\/pages\/37\/revisions"}],"predecessor-version":[{"id":2123,"href":"https:\/\/imkerverein-lev.de\/index.php?rest_route=\/wp\/v2\/pages\/37\/revisions\/2123"}],"wp:attachment":[{"href":"https:\/\/imkerverein-lev.de\/index.php?rest_route=%2Fwp%2Fv2%2Fmedia&parent=37"}],"curies":[{"name":"wp","href":"https:\/\/api.w.org\/{rel}","templated":true}]}}