{"id":39,"date":"2018-11-11T19:09:47","date_gmt":"2018-11-11T19:09:47","guid":{"rendered":"http:\/\/dragundo.de\/?page_id=39"},"modified":"2025-12-22T11:47:36","modified_gmt":"2025-12-22T10:47:36","slug":"honigverkauf","status":"publish","type":"page","link":"https:\/\/imkerverein-lev.de\/?page_id=39","title":{"rendered":"Honigverkauf"},"content":{"rendered":"<p>&nbsp;<\/p>\n<h5><img decoding=\"async\" loading=\"lazy\" class=\"size-medium wp-image-245 alignleft\" src=\"https:\/\/imkerverein-lev.de\/wp-content\/uploads\/2018\/11\/IMG_2459-300x293.jpg\" alt=\"\" width=\"300\" height=\"293\" srcset=\"https:\/\/imkerverein-lev.de\/wp-content\/uploads\/2018\/11\/IMG_2459-300x293.jpg 300w, https:\/\/imkerverein-lev.de\/wp-content\/uploads\/2018\/11\/IMG_2459.jpg 726w\" sizes=\"(max-width: 300px) 100vw, 300px\" \/>Sie sind auf der Suche nach hochwertigem Honig aus Ihrer Nachbarschaft, aus Leverkusen, Langenfeld, Monheim, Bergisch Gladbach oder Odenthal?<\/h5>\n<p style=\"text-align: left;\">Bei vielen unserer Mitglieder k\u00f6nnen Sie f\u00fcndig werden!<br \/>\nSie freuen sich \u00fcber Ihr Interesse und beantworten gerne Ihre Fragen.<\/p>\n<p style=\"text-align: left;\"><strong>Unser Imker be- und verarbeiten den Honig nach den Regeln der Honigverordnung. <\/strong><strong>Der Honig wird je nach Imker in DIB- oder Neutralgl\u00e4ser abgef\u00fcllt. <\/strong><\/p>\n<h3 style=\"text-align: left;\"><\/h3>\n<h3><\/h3>\n<h3><\/h3>\n<h3><\/h3>\n<h3><\/h3>\n<h3 style=\"text-align: left;\">Unsere Imker aus Leverkusen<\/h3>\n<p>&nbsp;<\/p>\n<h5 style=\"text-align: left;\">Imkerei H\u00f6ller<\/h5>\n<p style=\"text-align: left;\">Reiner H\u00f6ller<br \/>\nNikolaus-Gro\u00df-Stra\u00dfe 12<br \/>\n51377 Leverkusen<br \/>\nTel: 0214\/ 8690921<br \/>\neMail: <a href=\"mailto:imkerei-hoeller@t-online.de\">imkerei-hoeller@t-online.de<\/a><\/p>\n<p style=\"text-align: left;\">Sorten: Fr\u00fchlingsbl\u00fcte, Sommerbl\u00fcte<\/p>\n<p>&nbsp;<\/p>\n<h5 style=\"text-align: left;\">Imkerei Gassen<img decoding=\"async\" loading=\"lazy\" class=\"alignright size-full wp-image-477\" src=\"https:\/\/imkerverein-lev.de\/wp-content\/uploads\/2018\/11\/gassen_klein.jpg\" alt=\"\" width=\"500\" height=\"110\" srcset=\"https:\/\/imkerverein-lev.de\/wp-content\/uploads\/2018\/11\/gassen_klein.jpg 500w, https:\/\/imkerverein-lev.de\/wp-content\/uploads\/2018\/11\/gassen_klein-300x66.jpg 300w\" sizes=\"(max-width: 500px) 100vw, 500px\" \/><\/h5>\n<p style=\"text-align: left;\">Willi Gassen<br \/>\nIn den Dehlen 19<br \/>\n51371 Leverkusen (Rheindorf)<br \/>\nTel: 0214\/ 21311<br \/>\neMail: <a href=\"mailto:bienenwilli@imkerei-gassen.de\">bienenwilli@imkerei-gassen.de<\/a><br \/>\n<a href=\"http:\/\/www.imkerei-gassen.de\">www.imkerei-gassen.de<\/a><\/p>\n<p style=\"text-align: left;\">Sorten: verschiedene, von Raps- bis Heidehonig<\/p>\n<p style=\"text-align: left;\">Wochenm\u00e4rkte: mittwochs in Leichlingen, samstags in Monheim<\/p>\n<p>&nbsp;<\/p>\n<h5 style=\"text-align: left;\">Imkerei Heike Maniatis<\/h5>\n<p style=\"text-align: left;\">Heike Maniatis<br \/>\nL\u00fctzenkirchener Stra\u00dfe 158<br \/>\n51381 Leverkusen<br \/>\nTel: 02171\/57581<br \/>\nHandy: 0178\/ 5080523<br \/>\neMail: <a href=\"mailto:heike.maniatis@web.de\">heike.maniatis@web.de<\/a><\/p>\n<p style=\"text-align: left;\">Sorten: Fr\u00fchtrachthonig und Sommertrachthonig<\/p>\n<p>&nbsp;<\/p>\n<h5 style=\"text-align: left;\">Imkerei Horst Poloczek<\/h5>\n<p style=\"text-align: left;\">Horst Poloczek<br \/>\nGrillenweg 5<br \/>\n51381 Leverkusen (Quettingen)<br \/>\nTel: 02171\/ 83828<br \/>\neMail: <a href=\"mailto:milanduo@gmx.de\">milanduo@gmx.de<\/a><\/p>\n<p style=\"text-align: left;\">Sorten: Akazienhonig, Blatthonig, Edelkastanie, Fichte-Tanne, Fr\u00fchjahrsbl\u00fctenhonig, Edelkastanie-Sommerbl\u00fcte, Rapshonig, Sommerbl\u00fctenhonig, Sanddorn in Bl\u00fctenhonig und Waldhonig\/Bl\u00fctenhonig<\/p>\n<p>&nbsp;<\/p>\n<h5 style=\"text-align: left;\">Imkerei Schratter<img decoding=\"async\" loading=\"lazy\" class=\"alignright size-full wp-image-844\" src=\"https:\/\/imkerverein-lev.de\/wp-content\/uploads\/2018\/12\/hermann_klein.png\" alt=\"\" width=\"346\" height=\"200\" srcset=\"https:\/\/imkerverein-lev.de\/wp-content\/uploads\/2018\/12\/hermann_klein.png 346w, https:\/\/imkerverein-lev.de\/wp-content\/uploads\/2018\/12\/hermann_klein-300x173.png 300w\" sizes=\"(max-width: 346px) 100vw, 346px\" \/><\/h5>\n<p style=\"text-align: left;\">Hermann Schratter<br \/>\nAldegundisstra\u00dfe 49<br \/>\n51371 Leverkusen<br \/>\nTel: 0214\/ 28155<\/p>\n<p style=\"text-align: left;\">Sorten: Fr\u00fchtracht, Sommertracht, Raps, Akazie, Edelkastanie, Wald- und Wildbl\u00fctenhonig, Lindenhonig, Fichten- und Tannentracht<\/p>\n<p style=\"text-align: left;\">M\u00e4rkte: Weihnachtsmarkt Leverkusen Opladen und Rheindorf<\/p>\n<p>&nbsp;<\/p>\n<h5 style=\"text-align: left;\">Imkerei Schwab<img decoding=\"async\" loading=\"lazy\" class=\"size-full wp-image-410 alignright\" src=\"https:\/\/imkerverein-lev.de\/wp-content\/uploads\/2018\/11\/logo_schwab_klein.jpg\" alt=\"\" width=\"185\" height=\"200\" \/><\/h5>\n<p style=\"text-align: left;\">Bernhard und Manuela Schwab<br \/>\nWupperstra\u00dfe 44<br \/>\n51371 Leverkusen<br \/>\nTel: 0214\/ 23077290<\/p>\n<p style=\"text-align: left;\">Sorten: Fr\u00fchtracht, Akazienhonig, Sommertracht, Lindenhonig, Sommerbl\u00fcte mit Lindenhonig<\/p>\n<p>&nbsp;<\/p>\n<h5 style=\"text-align: left;\">Imkerei Bernd H\u00f6xter<\/h5>\n<div>Honig aus Schlebusch<br \/>\nBernd H\u00f6xter<br \/>\nMartin-Buber-Stra\u00dfe 14<br \/>\n51377 Leverkusen-Steinb\u00fcchel<br \/>\nTel. 0176 96 456 635<br \/>\nE-Mail: <a href=\"mailto:bhoexter@gmx.de\">bhoexter@gmx.de<\/a><br \/>\n<a href=\"http:\/\/www.honig-aus-schlebusch.de\">www.honig-aus-schlebusch.de<\/a><\/div>\n<p style=\"text-align: left;\">Sorten: Fr\u00fchtracht, Sommertracht<\/p>\n<p>&nbsp;<\/p>\n<div>\n<h5 style=\"text-align: left;\">Verch\u2019s Garten<\/h5>\n<div>Imkerei Tanja Verch<br \/>\nJ\u00e4gerstra\u00dfe 20<br \/>\n51375 Leverkusen-Schlebusch<br \/>\nTel: 0214\/ 5004301<br \/>\nHandy: 01577\/ 6046527<br \/>\neMail: <a href=\"mailto:tverch@live.com\">tverch@live.com<\/a><br \/>\n<a href=\"https:\/\/www.facebook.com\/verch\u2018s garten\">https:\/\/www.facebook.com\/verch\u2018s garten<\/a><\/div>\n<div><\/div>\n<div>Sorten: Raps, Akazie, Bl\u00fctenhonig, Sommertracht, Waldhonig, Lindenhonig, Tannenhonig<\/div>\n<p>&nbsp;<\/p>\n<\/div>\n<h5>Imkerei Zerfa\u00df<\/h5>\n<p style=\"text-align: left;\">Angela Zerfa\u00df<\/p>\n<p style=\"text-align: left;\">Am Frankenberg 6<br \/>\n51379 Leverkusen<br \/>\nTel: 02171\/ 340 58 50<\/p>\n<p>Sorten: Fr\u00fchtrachthonig und Sommertrachthonig<\/p>\n<p>&nbsp;<\/p>\n<p>&nbsp;<\/p>\n<div>\n<h3>Unsere Imker aus Langenfeld<\/h3>\n<\/div>\n<p>&nbsp;<\/p>\n<div>\n<h5 style=\"text-align: left;\">Imkerei-Langenfeld<img decoding=\"async\" loading=\"lazy\" class=\"alignright size-full wp-image-414\" src=\"https:\/\/imkerverein-lev.de\/wp-content\/uploads\/2018\/11\/sascha_klein.png\" alt=\"\" width=\"230\" height=\"200\" \/><\/h5>\n<p style=\"text-align: left;\">Sascha van Berkum<br \/>\nLocher Weg 44<br \/>\n40764 Langenfeld (Reusrath)<br \/>\nTel: 02173\/ 101246<br \/>\nHandy: 0160\/93964117<br \/>\neMail: <a href=\"mailto:info@imkerei-langenfeld.de\" target=\"_blank\" rel=\"noopener noreferrer\">info@imkerei-langenfeld.de<\/a><br \/>\n<a href=\"http:\/\/www.imkerei-langenfeld.de\" target=\"_blank\" rel=\"noopener noreferrer\">www.imkerei-langenfeld.de<\/a><\/p>\n<p style=\"text-align: left;\">Sorten: Fr\u00fchtrachtbl\u00fctenhonig,\u00a0 Sommerbl\u00fctenhonig,\u00a0 Rapshonig,\u00a0 Lindenhonig,\u00a0 Waldhonig, Lavendelhonig<\/p>\n<h5><\/h5>\n<p>&nbsp;<\/p>\n<h5 style=\"text-align: left;\">Bien Royal &#8211; Imkerei Laube<\/h5>\n<h5><strong><img decoding=\"async\" loading=\"lazy\" class=\"size-medium wp-image-1898 alignright\" src=\"https:\/\/imkerverein-lev.de\/wp-content\/uploads\/2022\/08\/Logo-300x267.png\" alt=\"\" width=\"300\" height=\"267\" srcset=\"https:\/\/imkerverein-lev.de\/wp-content\/uploads\/2022\/08\/Logo-300x267.png 300w, https:\/\/imkerverein-lev.de\/wp-content\/uploads\/2022\/08\/Logo-768x682.png 768w, https:\/\/imkerverein-lev.de\/wp-content\/uploads\/2022\/08\/Logo.png 851w\" sizes=\"(max-width: 300px) 100vw, 300px\" \/><\/strong><\/h5>\n<\/div>\n<div class=\"elementor-column elementor-col-50 elementor-inner-column elementor-element elementor-element-1267d76\" data-id=\"1267d76\" data-element_type=\"column\">\n<div class=\"elementor-widget-wrap elementor-element-populated\">\n<div class=\"elementor-element elementor-element-269bc19 elementor-widget elementor-widget-text-editor\" data-id=\"269bc19\" data-element_type=\"widget\" data-widget_type=\"text-editor.default\">\n<div class=\"elementor-widget-container\">\n<div class=\"elementor-text-editor elementor-clearfix\">\n<div>\n<div>\n<p style=\"margin: 0cm; margin-bottom: .0001pt;\"><span style=\"color: black;\">Florian &amp; Kerstin Laube<br \/>\n<\/span><\/p>\n<p style=\"margin: 0cm; margin-bottom: .0001pt;\"><span style=\"color: black;\">An der Tente 7<\/span><\/p>\n<p style=\"margin: 0cm; margin-bottom: .0001pt;\"><span style=\"color: black;\">40764 Langenfeld<\/span><\/p>\n<p style=\"margin: 0cm; margin-bottom: .0001pt;\"><span style=\"color: black;\">Tel.: 02173\/16 17 450<\/span><\/p>\n<p style=\"margin: 0cm; margin-bottom: .0001pt;\"><span style=\"color: black;\">eMail: <\/span><a href=\"mailto:kontakt@imkerei-bienroyal.de\">kontakt@imkerei-bienroyal.de<\/a><\/p>\n<p style=\"margin: 0cm; margin-bottom: .0001pt;\"><span style=\"color: black;\"><a href=\"https:\/\/www.facebook.com\/BienRoyal.Imkerei.Laube\/\">https:\/\/www.facebook.com\/BienRoyal.Imkerei.Laube\/<\/a><\/span><\/p>\n<p style=\"margin: 0cm; margin-bottom: .0001pt;\"><span style=\"color: black;\"><a href=\"https:\/\/www.instagram.com\/bien_royal\/\">https:\/\/www.instagram.com\/bien_royal\/<\/a><\/span><\/p>\n<p style=\"margin: 0cm; margin-bottom: .0001pt;\"><span style=\"color: black;\">Sorten: Fr\u00fchtrachthonig, Sommertrachthonig<\/span><\/p>\n<\/div>\n<\/div>\n<\/div>\n<\/div>\n<p>&nbsp;<\/p>\n<div class=\"elementor-widget-container\">\n<div class=\"elementor-text-editor elementor-clearfix\">\n<div><\/div>\n<\/div>\n<\/div>\n<\/div>\n<\/div>\n<\/div>\n<p>&nbsp;<\/p>\n<p>&nbsp;<\/p>\n<div class=\"elementor-widget-container\">\n<div class=\"elementor-text-editor elementor-clearfix\">\n<div>\n<h3>Unsere Imker aus Burscheid<\/h3>\n<p>&nbsp;<\/p>\n<\/div>\n<\/div>\n<div class=\"elementor-text-editor elementor-clearfix\">\n<div>\n<h5>Imkerei Christian Kaltenbach<\/h5>\n<p>Christian Kaltenbach<br \/>\nHeddinghofener Str. 16<br \/>\n51399 Burscheid<br \/>\nTel.: 0214\/ 206 66 76<\/p>\n<p>Sorten: Rapshonig (cremig), Bl\u00fctenhonig (cremig), Sauerl\u00e4nder Waldbl\u00fctenhonig, Akazienhonig, Edelkastanienhonig, Waldhonig, Fr\u00fchtracht (cremig), Lindenhonig, Sommertracht<\/p>\n<p>M\u00e4rkte: Bl\u00fchendes Schlebusch, Schlebuscher Wochenende, Martinsmarkt Schlebusch, Adventsmarkt Schlebusch<\/p>\n<\/div>\n<\/div>\n<\/div>\n<div>\n<div id=\"s3gt_translate_tooltip_mini\" class=\"s3gt_translate_tooltip_mini_box\" style=\"background: initial !important; border: initial !important; border-radius: initial !important; border-spacing: initial !important; border-collapse: initial !important; direction: ltr !important; flex-direction: initial !important; font-weight: initial !important; height: initial !important; letter-spacing: initial !important; min-width: initial !important; max-width: initial !important; min-height: initial !important; max-height: initial !important; margin: auto !important; outline: initial !important; padding: initial !important; position: absolute; table-layout: initial !important; text-align: initial !important; text-shadow: initial !important; width: initial !important; word-break: initial !important; word-spacing: initial !important; overflow-wrap: initial !important; box-sizing: initial !important; display: initial !important; color: inherit !important; font-size: 13px !important; font-family: X-LocaleSpecific, sans-serif, Tahoma, Helvetica !important; line-height: 13px !important; vertical-align: top !important; white-space: inherit !important; left: 83px; top: 2878px; opacity: 0.2;\">\n<div id=\"s3gt_translate_tooltip_mini_logo\" class=\"s3gt_translate_tooltip_mini\" title=\"Markierten Text \u00fcbersetzen\"><\/div>\n<div id=\"s3gt_translate_tooltip_mini_sound\" class=\"s3gt_translate_tooltip_mini\" title=\"Abspielen\"><\/div>\n<div id=\"s3gt_translate_tooltip_mini_copy\" class=\"s3gt_translate_tooltip_mini\" title=\"In Zwischenablage kopieren\"><\/div>\n<\/div>\n<\/div>\n","protected":false},"excerpt":{"rendered":"<p>&nbsp; Sie sind auf der Suche nach hochwertigem Honig aus Ihrer Nachbarschaft, aus Leverkusen, Langenfeld, Monheim, Bergisch Gladbach oder Odenthal? Bei vielen unserer Mitglieder k\u00f6nnen Sie f\u00fcndig werden! Sie freuen sich \u00fcber Ihr Interesse und beantworten gerne Ihre Fragen. Unser Imker be- und verarbeiten den Honig nach den Regeln der Honigverordnung. Der Honig wird je nach Imker in DIB- oder Neutralgl\u00e4ser abgef\u00fcllt. Unsere Imker aus Leverkusen &nbsp; Imkerei H\u00f6ller Reiner H\u00f6ller Nikolaus-Gro\u00df-Stra\u00dfe 12 51377 Leverkusen Tel: 0214\/ 8690921 eMail: imkerei-hoeller@t-online.de Sorten: Fr\u00fchlingsbl\u00fcte, Sommerbl\u00fcte &nbsp; Imkerei Gassen Willi Gassen In den Dehlen 19 51371 Leverkusen (Rheindorf) Tel: 0214\/ 21311 eMail: bienenwilli@imkerei-gassen.de www.imkerei-gassen.de Sorten: verschiedene, von Raps- bis Heidehonig Wochenm\u00e4rkte: mittwochs in Leichlingen, samstags in Monheim &nbsp; Imkerei Heike Maniatis Heike Maniatis L\u00fctzenkirchener Stra\u00dfe 158 51381 Leverkusen Tel: 02171\/57581 Handy: 0178\/ 5080523 eMail: heike.maniatis@web.de Sorten: Fr\u00fchtrachthonig und Sommertrachthonig &nbsp; Imkerei Horst Poloczek Horst Poloczek Grillenweg 5 51381 Leverkusen (Quettingen) Tel: 02171\/ 83828 eMail: milanduo@gmx.de Sorten: Akazienhonig, Blatthonig, Edelkastanie, Fichte-Tanne, Fr\u00fchjahrsbl\u00fctenhonig, Edelkastanie-Sommerbl\u00fcte, Rapshonig, Sommerbl\u00fctenhonig, Sanddorn in Bl\u00fctenhonig und Waldhonig\/Bl\u00fctenhonig &nbsp; Imkerei Schratter Hermann Schratter Aldegundisstra\u00dfe 49 51371 Leverkusen Tel: 0214\/ 28155 Sorten: Fr\u00fchtracht, Sommertracht, Raps, Akazie, Edelkastanie, Wald- und Wildbl\u00fctenhonig, Lindenhonig, Fichten- und Tannentracht M\u00e4rkte: Weihnachtsmarkt Leverkusen Opladen und Rheindorf &nbsp; Imkerei Schwab Bernhard und Manuela Schwab Wupperstra\u00dfe 44 51371 Leverkusen Tel: 0214\/ 23077290 Sorten: Fr\u00fchtracht, Akazienhonig, Sommertracht, Lindenhonig, Sommerbl\u00fcte mit Lindenhonig &nbsp; Imkerei Bernd H\u00f6xter Honig aus Schlebusch Bernd H\u00f6xter Martin-Buber-Stra\u00dfe 14 51377 Leverkusen-Steinb\u00fcchel Tel. 0176 96 456 635 E-Mail: bhoexter@gmx.de www.honig-aus-schlebusch.de Sorten: Fr\u00fchtracht, Sommertracht &nbsp; Verch\u2019s Garten Imkerei Tanja Verch J\u00e4gerstra\u00dfe 20 51375 Leverkusen-Schlebusch Tel: 0214\/ 5004301 Handy: 01577\/ 6046527 eMail: tverch@live.com https:\/\/www.facebook.com\/verch\u2018s garten Sorten: Raps, Akazie, Bl\u00fctenhonig, Sommertracht, Waldhonig, Lindenhonig, Tannenhonig &nbsp; Imkerei Zerfa\u00df Angela Zerfa\u00df Am Frankenberg 6 51379 Leverkusen Tel: 02171\/ 340 58 50 Sorten: Fr\u00fchtrachthonig und Sommertrachthonig &nbsp; &nbsp; Unsere Imker aus Langenfeld &nbsp; Imkerei-Langenfeld Sascha van Berkum Locher Weg 44 40764 Langenfeld (Reusrath) Tel: 02173\/ 101246 Handy: 0160\/93964117 eMail: info@imkerei-langenfeld.de www.imkerei-langenfeld.de Sorten: Fr\u00fchtrachtbl\u00fctenhonig,\u00a0 Sommerbl\u00fctenhonig,\u00a0 Rapshonig,\u00a0 Lindenhonig,\u00a0 Waldhonig, Lavendelhonig &nbsp; Bien Royal &#8211; Imkerei Laube Florian &amp; Kerstin Laube An der Tente 7 40764 Langenfeld Tel.: 02173\/16 17 450 eMail: kontakt@imkerei-bienroyal.de https:\/\/www.facebook.com\/BienRoyal.Imkerei.Laube\/ https:\/\/www.instagram.com\/bien_royal\/ Sorten: Fr\u00fchtrachthonig, Sommertrachthonig &nbsp; &nbsp; &nbsp; Unsere Imker aus Burscheid &nbsp; Imkerei Christian Kaltenbach Christian Kaltenbach Heddinghofener Str. 16 51399 Burscheid Tel.: 0214\/ 206 66 76 Sorten: Rapshonig (cremig), Bl\u00fctenhonig (cremig), Sauerl\u00e4nder Waldbl\u00fctenhonig, Akazienhonig, Edelkastanienhonig, Waldhonig, Fr\u00fchtracht (cremig), Lindenhonig, Sommertracht M\u00e4rkte: Bl\u00fchendes Schlebusch, Schlebuscher Wochenende, Martinsmarkt Schlebusch, Adventsmarkt Schlebusch<\/p>\n","protected":false},"author":1,"featured_media":0,"parent":0,"menu_order":0,"comment_status":"closed","ping_status":"closed","template":"","meta":{"_bbp_topic_count":0,"_bbp_reply_count":0,"_bbp_total_topic_count":0,"_bbp_total_reply_count":0,"_bbp_voice_count":0,"_bbp_anonymous_reply_count":0,"_bbp_topic_count_hidden":0,"_bbp_reply_count_hidden":0,"_bbp_forum_subforum_count":0},"_links":{"self":[{"href":"https:\/\/imkerverein-lev.de\/index.php?rest_route=\/wp\/v2\/pages\/39"}],"collection":[{"href":"https:\/\/imkerverein-lev.de\/index.php?rest_route=\/wp\/v2\/pages"}],"about":[{"href":"https:\/\/imkerverein-lev.de\/index.php?rest_route=\/wp\/v2\/types\/page"}],"author":[{"embeddable":true,"href":"https:\/\/imkerverein-lev.de\/index.php?rest_route=\/wp\/v2\/users\/1"}],"replies":[{"embeddable":true,"href":"https:\/\/imkerverein-lev.de\/index.php?rest_route=%2Fwp%2Fv2%2Fcomments&post=39"}],"version-history":[{"count":62,"href":"https:\/\/imkerverein-lev.de\/index.php?rest_route=\/wp\/v2\/pages\/39\/revisions"}],"predecessor-version":[{"id":2118,"href":"https:\/\/imkerverein-lev.de\/index.php?rest_route=\/wp\/v2\/pages\/39\/revisions\/2118"}],"wp:attachment":[{"href":"https:\/\/imkerverein-lev.de\/index.php?rest_route=%2Fwp%2Fv2%2Fmedia&parent=39"}],"curies":[{"name":"wp","href":"https:\/\/api.w.org\/{rel}","templated":true}]}}